{"id":1479,"date":"2021-01-06T13:20:03","date_gmt":"2021-01-06T12:20:03","guid":{"rendered":"https:\/\/webweb.ltett.lu\/?page_id=1479"},"modified":"2023-02-24T10:43:31","modified_gmt":"2023-02-24T09:43:31","slug":"comites-des-eleves","status":"publish","type":"page","link":"https:\/\/www.ltett.lu\/lycee\/comites-des-eleves\/","title":{"rendered":"Comit\u00e9 des \u00e9l\u00e8ves"},"content":{"rendered":"\t\t<div data-elementor-type=\"wp-page\" data-elementor-id=\"1479\" class=\"elementor elementor-1479\" data-elementor-post-type=\"page\">\n\t\t\t\t\t\t<section class=\"elementor-section elementor-top-section elementor-element elementor-element-18762e1 elementor-section-boxed elementor-section-height-default elementor-section-height-default\" data-id=\"18762e1\" data-element_type=\"section\" data-e-type=\"section\">\n\t\t\t\t\t\t<div class=\"elementor-container elementor-column-gap-default\">\n\t\t\t\t\t<div class=\"elementor-column elementor-col-100 elementor-top-column elementor-element elementor-element-957a8e4\" data-id=\"957a8e4\" data-element_type=\"column\" data-e-type=\"column\">\n\t\t\t<div class=\"elementor-widget-wrap elementor-element-populated\">\n\t\t\t\t\t\t<div class=\"elementor-element elementor-element-45355ae elementor-widget elementor-widget-heading\" data-id=\"45355ae\" data-element_type=\"widget\" data-e-type=\"widget\" data-widget_type=\"heading.default\">\n\t\t\t\t<div class=\"elementor-widget-container\">\n\t\t\t\t\t<h2 class=\"elementor-heading-title elementor-size-default\">Comit\u00e9 des \u00e9l\u00e8ves - Sch\u00fclercomit\u00e9<\/h2>\t\t\t\t<\/div>\n\t\t\t\t<\/div>\n\t\t\t\t\t<\/div>\n\t\t<\/div>\n\t\t\t\t\t<\/div>\n\t\t<\/section>\n\t\t\t\t<section class=\"elementor-section elementor-top-section elementor-element elementor-element-8f756d8 elementor-section-boxed elementor-section-height-default elementor-section-height-default\" data-id=\"8f756d8\" data-element_type=\"section\" data-e-type=\"section\">\n\t\t\t\t\t\t<div class=\"elementor-container elementor-column-gap-default\">\n\t\t\t\t\t<div class=\"elementor-column elementor-col-100 elementor-top-column elementor-element elementor-element-18d1f82\" data-id=\"18d1f82\" data-element_type=\"column\" data-e-type=\"column\">\n\t\t\t<div class=\"elementor-widget-wrap elementor-element-populated\">\n\t\t\t\t\t\t<div class=\"elementor-element elementor-element-cb80d35 elementor-widget elementor-widget-shortcode\" data-id=\"cb80d35\" data-element_type=\"widget\" data-e-type=\"widget\" data-widget_type=\"shortcode.default\">\n\t\t\t\t<div class=\"elementor-widget-container\">\n\t\t\t\t\t\t\t<div class=\"elementor-shortcode\"><div class=\"tmm tmm_comite-des-eleves\"><div class=\"tmm_4_columns tmm_wrap tmm_plugin_f\"><span class=\"tmm_two_containers_tablet\"><\/span><div class=\"tmm_container\"><div class=\"tmm_member\" style=\"border-top:#009ee3 solid 5px;\"><div class=\"tmm_photo tmm_pic_comite-des-eleves_0\" style=\"background: url(https:\/\/www.ltett.lu\/wp-content\/uploads\/2021\/02\/Filipe-scaled.jpg); margin-left: auto; margin-right:auto; background-size:cover !important;\"><\/div><div class=\"tmm_textblock\"><div class=\"tmm_names\"><span class=\"tmm_fname\">Filipe<\/span> <span class=\"tmm_lname\">De Sousa Pinto<\/span><\/div><div class=\"tmm_job\">2GIG<\/div><div class=\"tmm_desc\" style=\"text-align:\"><p>-Pr\u00e4sident -Vertrieder am Conseil d'\u00e9ducation -Social Media<\/p><\/div><div class=\"tmm_scblock\"><\/div><\/div><\/div><div class=\"tmm_member\" style=\"border-top:#009ee3 solid 5px;\"><div class=\"tmm_photo tmm_pic_comite-des-eleves_1\" style=\"background: url(https:\/\/www.ltett.lu\/wp-content\/uploads\/2021\/02\/Lorena.jpg); margin-left: auto; margin-right:auto; background-size:cover !important;\"><\/div><div class=\"tmm_textblock\"><div class=\"tmm_names\"><span class=\"tmm_fname\">Lorena<\/span> <span class=\"tmm_lname\">Salvaggio<\/span><\/div><div class=\"tmm_job\">5G4<\/div><div class=\"tmm_desc\" style=\"text-align:\"><p>- Vize-Pr\u00e4sidentin- Vertriederin CNEL<\/p><\/div><div class=\"tmm_scblock\"><\/div><\/div><\/div><span class=\"tmm_two_containers_tablet\"><\/span><div class=\"tmm_member\" style=\"border-top:#009ee3 solid 5px;\"><div class=\"tmm_photo tmm_pic_comite-des-eleves_2\" style=\"background: url(https:\/\/www.ltett.lu\/wp-content\/uploads\/2026\/04\/List-Lina-scaled.jpg); margin-left: auto; margin-right:auto; background-size:cover !important;\"><\/div><div class=\"tmm_textblock\"><div class=\"tmm_names\"><span class=\"tmm_fname\">Lina<\/span> <span class=\"tmm_lname\">List<\/span><\/div><div class=\"tmm_job\">1GSO2<\/div><div class=\"tmm_desc\" style=\"text-align:\"><p>- Sekret\u00e4rin<\/p><\/div><div class=\"tmm_scblock\"><\/div><\/div><\/div><div class=\"tmm_member\" style=\"border-top:#009ee3 solid 5px;\"><div class=\"tmm_photo tmm_pic_comite-des-eleves_3\" style=\"background: url(https:\/\/www.ltett.lu\/wp-content\/uploads\/2021\/02\/Daniel.jpg); margin-left: auto; margin-right:auto; background-size:cover !important;\"><\/div><div class=\"tmm_textblock\"><div class=\"tmm_names\"><span class=\"tmm_fname\">Daniel<\/span> <span class=\"tmm_lname\">Da Silva Paiva<\/span><\/div><div class=\"tmm_job\">3TPST2<\/div><div class=\"tmm_desc\" style=\"text-align:\"><p>-Vize-Sekret\u00e4r -Tr\u00e9sorier -Vertrieder CNEL<\/p><\/div><div class=\"tmm_scblock\"><\/div><\/div><\/div><span class=\"tmm_two_containers_tablet\"><\/span><\/div><span class=\"tmm_columns_containers_desktop\"><\/span><div class=\"tmm_container\"><div class=\"tmm_member\" style=\"border-top:#009ee3 solid 5px;\"><div class=\"tmm_photo tmm_pic_comite-des-eleves_4\" style=\"background: url(https:\/\/www.ltett.lu\/wp-content\/uploads\/2021\/02\/Peiffer-Jan-scaled.jpg); margin-left: auto; margin-right:auto; background-size:cover !important;\"><\/div><div class=\"tmm_textblock\"><div class=\"tmm_names\"><span class=\"tmm_fname\">Jan<\/span> <span class=\"tmm_lname\">Peiffer<\/span><\/div><div class=\"tmm_job\">6P1<\/div><div class=\"tmm_desc\" style=\"text-align:\"><p>-Tr\u00e9sorier<\/p><\/div><div class=\"tmm_scblock\"><\/div><\/div><\/div><div class=\"tmm_member\" style=\"border-top:#009ee3 solid 5px;\"><div class=\"tmm_photo tmm_pic_comite-des-eleves_5\" style=\"background: url(https:\/\/www.ltett.lu\/wp-content\/uploads\/2025\/12\/Dupong-Max-scaled.jpg); margin-left: auto; margin-right:auto; background-size:cover !important;\"><\/div><div class=\"tmm_textblock\"><div class=\"tmm_names\"><span class=\"tmm_fname\">Max<\/span> <span class=\"tmm_lname\">Dupong<\/span><\/div><div class=\"tmm_job\">2GSO<\/div><div class=\"tmm_desc\" style=\"text-align:\"><p>-Vertrieder am Conseil d'\u00e9ducation\u00a0 -Vertrieder am Conseil de s\u00e9curit\u00e9<\/p><\/div><div class=\"tmm_scblock\"><\/div><\/div><\/div><div style=\"clear:both;\"><\/div><\/div><\/div><\/div><\/div>\n\t\t\t\t\t\t<\/div>\n\t\t\t\t<\/div>\n\t\t\t\t\t<\/div>\n\t\t<\/div>\n\t\t\t\t\t<\/div>\n\t\t<\/section>\n\t\t\t\t<section class=\"elementor-section elementor-top-section elementor-element elementor-element-c5a1621 elementor-section-boxed elementor-section-height-default elementor-section-height-default\" data-id=\"c5a1621\" data-element_type=\"section\" data-e-type=\"section\">\n\t\t\t\t\t\t<div class=\"elementor-container elementor-column-gap-default\">\n\t\t\t\t\t<div class=\"elementor-column elementor-col-100 elementor-top-column elementor-element elementor-element-fde268f\" data-id=\"fde268f\" data-element_type=\"column\" data-e-type=\"column\">\n\t\t\t<div class=\"elementor-widget-wrap elementor-element-populated\">\n\t\t\t\t\t\t<div class=\"elementor-element elementor-element-29f734e elementor-headline--style-highlight elementor-widget elementor-widget-animated-headline\" data-id=\"29f734e\" data-element_type=\"widget\" data-e-type=\"widget\" data-settings=\"{&quot;highlighted_text&quot;:&quot; \\u00a0\\u00a0schuelercomite@ltett.lu\\u00a0\\u00a0&quot;,&quot;headline_style&quot;:&quot;highlight&quot;,&quot;marker&quot;:&quot;circle&quot;,&quot;loop&quot;:&quot;yes&quot;,&quot;highlight_animation_duration&quot;:1200,&quot;highlight_iteration_delay&quot;:8000}\" data-widget_type=\"animated-headline.default\">\n\t\t\t\t<div class=\"elementor-widget-container\">\n\t\t\t\t\t\t\t<h3 class=\"elementor-headline\">\n\t\t\t\t\t<span class=\"elementor-headline-plain-text elementor-headline-text-wrapper\">Kontakt\u00e9iert eis: <\/span>\n\t\t\t\t<span class=\"elementor-headline-dynamic-wrapper elementor-headline-text-wrapper\">\n\t\t\t\t\t<span class=\"elementor-headline-dynamic-text elementor-headline-text-active\"> \u00a0\u00a0schuelercomite@ltett.lu\u00a0\u00a0<\/span>\n\t\t\t\t<\/span>\n\t\t\t\t<\/h3>\n\t\t\t\t\t\t<\/div>\n\t\t\t\t<\/div>\n\t\t\t\t\t<\/div>\n\t\t<\/div>\n\t\t\t\t\t<\/div>\n\t\t<\/section>\n\t\t\t\t<section class=\"elementor-section elementor-top-section elementor-element elementor-element-00f6a30 elementor-section-boxed elementor-section-height-default elementor-section-height-default\" data-id=\"00f6a30\" data-element_type=\"section\" data-e-type=\"section\">\n\t\t\t\t\t\t<div class=\"elementor-container elementor-column-gap-default\">\n\t\t\t\t\t<div class=\"elementor-column elementor-col-100 elementor-top-column elementor-element elementor-element-ae63b85\" data-id=\"ae63b85\" data-element_type=\"column\" data-e-type=\"column\">\n\t\t\t<div class=\"elementor-widget-wrap elementor-element-populated\">\n\t\t\t\t\t\t<div class=\"elementor-element elementor-element-b866f82 elementor-widget elementor-widget-spacer\" data-id=\"b866f82\" data-element_type=\"widget\" data-e-type=\"widget\" data-widget_type=\"spacer.default\">\n\t\t\t\t<div class=\"elementor-widget-container\">\n\t\t\t\t\t\t\t<div class=\"elementor-spacer\">\n\t\t\t<div class=\"elementor-spacer-inner\"><\/div>\n\t\t<\/div>\n\t\t\t\t\t\t<\/div>\n\t\t\t\t<\/div>\n\t\t\t\t\t<\/div>\n\t\t<\/div>\n\t\t\t\t\t<\/div>\n\t\t<\/section>\n\t\t\t\t<\/div>\n\t\t","protected":false},"excerpt":{"rendered":"<p>Comit\u00e9 des \u00e9l\u00e8ves &#8211; Sch\u00fclercomit\u00e9 Kontakt\u00e9iert eis: schuelercomite@ltett.lu<\/p>\n","protected":false},"author":7,"featured_media":0,"parent":1559,"menu_order":0,"comment_status":"closed","ping_status":"closed","template":"elementor_header_footer","meta":{"footnotes":""},"class_list":["post-1479","page","type-page","status-publish","hentry"],"jetpack_sharing_enabled":true,"_links":{"self":[{"href":"https:\/\/www.ltett.lu\/wp-json\/wp\/v2\/pages\/1479","targetHints":{"allow":["GET"]}}],"collection":[{"href":"https:\/\/www.ltett.lu\/wp-json\/wp\/v2\/pages"}],"about":[{"href":"https:\/\/www.ltett.lu\/wp-json\/wp\/v2\/types\/page"}],"author":[{"embeddable":true,"href":"https:\/\/www.ltett.lu\/wp-json\/wp\/v2\/users\/7"}],"replies":[{"embeddable":true,"href":"https:\/\/www.ltett.lu\/wp-json\/wp\/v2\/comments?post=1479"}],"version-history":[{"count":24,"href":"https:\/\/www.ltett.lu\/wp-json\/wp\/v2\/pages\/1479\/revisions"}],"predecessor-version":[{"id":13184,"href":"https:\/\/www.ltett.lu\/wp-json\/wp\/v2\/pages\/1479\/revisions\/13184"}],"up":[{"embeddable":true,"href":"https:\/\/www.ltett.lu\/wp-json\/wp\/v2\/pages\/1559"}],"wp:attachment":[{"href":"https:\/\/www.ltett.lu\/wp-json\/wp\/v2\/media?parent=1479"}],"curies":[{"name":"wp","href":"https:\/\/api.w.org\/{rel}","templated":true}]}}