{"id":1481,"date":"2021-01-06T13:20:20","date_gmt":"2021-01-06T12:20:20","guid":{"rendered":"https:\/\/webweb.ltett.lu\/?page_id=1481"},"modified":"2025-10-23T12:08:38","modified_gmt":"2025-10-23T10:08:38","slug":"comite-de-la-conference-du-lycee","status":"publish","type":"page","link":"https:\/\/www.ltett.lu\/lycee\/comite-de-la-conference-du-lycee\/","title":{"rendered":"Comit\u00e9 de la conf\u00e9rence du lyc\u00e9e"},"content":{"rendered":"\t\t<div data-elementor-type=\"wp-page\" data-elementor-id=\"1481\" class=\"elementor elementor-1481\" data-elementor-post-type=\"page\">\n\t\t\t\t\t\t<section class=\"elementor-section elementor-top-section elementor-element elementor-element-b707c12 elementor-section-boxed elementor-section-height-default elementor-section-height-default\" data-id=\"b707c12\" data-element_type=\"section\" data-e-type=\"section\">\n\t\t\t\t\t\t<div class=\"elementor-container elementor-column-gap-default\">\n\t\t\t\t\t<div class=\"elementor-column elementor-col-100 elementor-top-column elementor-element elementor-element-ff74bf2\" data-id=\"ff74bf2\" data-element_type=\"column\" data-e-type=\"column\">\n\t\t\t<div class=\"elementor-widget-wrap elementor-element-populated\">\n\t\t\t\t\t\t<div class=\"elementor-element elementor-element-93eadaa elementor-widget elementor-widget-spacer\" data-id=\"93eadaa\" data-element_type=\"widget\" data-e-type=\"widget\" data-widget_type=\"spacer.default\">\n\t\t\t\t<div class=\"elementor-widget-container\">\n\t\t\t\t\t\t\t<div class=\"elementor-spacer\">\n\t\t\t<div class=\"elementor-spacer-inner\"><\/div>\n\t\t<\/div>\n\t\t\t\t\t\t<\/div>\n\t\t\t\t<\/div>\n\t\t\t\t<div class=\"elementor-element elementor-element-fb9ca02 elementor-widget elementor-widget-heading\" data-id=\"fb9ca02\" data-element_type=\"widget\" data-e-type=\"widget\" data-widget_type=\"heading.default\">\n\t\t\t\t<div class=\"elementor-widget-container\">\n\t\t\t\t\t<h4 class=\"elementor-heading-title elementor-size-default\">Comit\u00e9 de la Conf\u00e9rence du Lyc\u00e9e<\/h4>\t\t\t\t<\/div>\n\t\t\t\t<\/div>\n\t\t\t\t<div class=\"elementor-element elementor-element-fcb99c6 elementor-widget elementor-widget-spacer\" data-id=\"fcb99c6\" data-element_type=\"widget\" data-e-type=\"widget\" data-widget_type=\"spacer.default\">\n\t\t\t\t<div class=\"elementor-widget-container\">\n\t\t\t\t\t\t\t<div class=\"elementor-spacer\">\n\t\t\t<div class=\"elementor-spacer-inner\"><\/div>\n\t\t<\/div>\n\t\t\t\t\t\t<\/div>\n\t\t\t\t<\/div>\n\t\t\t\t<div class=\"elementor-element elementor-element-99df76d elementor-widget elementor-widget-shortcode\" data-id=\"99df76d\" data-element_type=\"widget\" data-e-type=\"widget\" data-widget_type=\"shortcode.default\">\n\t\t\t\t<div class=\"elementor-widget-container\">\n\t\t\t\t\t\t\t<div class=\"elementor-shortcode\"><div class=\"tmm tmm_comite-de-la-conference\"><div class=\"tmm_4_columns tmm_wrap tmm_plugin_f\"><span class=\"tmm_two_containers_tablet\"><\/span><div class=\"tmm_container\"><div class=\"tmm_member\" style=\"border-top:#dd9933 solid 5px;\"><div class=\"tmm_textblock\"><div class=\"tmm_names\"><span class=\"tmm_fname\">Conny<\/span> <span class=\"tmm_lname\">Arendt<\/span><\/div><div class=\"tmm_desc\" style=\"text-align:\"><p>-Pr\u00e9sidente du comit\u00e9<\/p><p>-Conseil d'\u00e9ducation<\/p><p>-Summerfest<\/p><\/div><div class=\"tmm_scblock\"><\/div><\/div><\/div><div class=\"tmm_member\" style=\"border-top:#dd9933 solid 5px;\"><div class=\"tmm_textblock\"><div class=\"tmm_names\"><span class=\"tmm_fname\">Robert<\/span> <span class=\"tmm_lname\">Fink<\/span><\/div><div class=\"tmm_desc\" style=\"text-align:\"><p>-Vice-pr\u00e9sident<\/p><p>-Conseil d'\u00e9ducation<\/p><p>-Summerfest<\/p><\/div><div class=\"tmm_scblock\"><\/div><\/div><\/div><span class=\"tmm_two_containers_tablet\"><\/span><div class=\"tmm_member\" style=\"border-top:#dd9933 solid 5px;\"><div class=\"tmm_textblock\"><div class=\"tmm_names\"><span class=\"tmm_fname\">Alex<\/span> <span class=\"tmm_lname\">Pepin<\/span><\/div><div class=\"tmm_desc\" style=\"text-align:\"><p>-Tr\u00e9sorier<\/p><p>-Fiesta<\/p><\/div><div class=\"tmm_scblock\"><\/div><\/div><\/div><div class=\"tmm_member\" style=\"border-top:#dd9933 solid 5px;\"><div class=\"tmm_textblock\"><div class=\"tmm_names\"><span class=\"tmm_fname\">Jo-Anne<\/span> <span class=\"tmm_lname\">Schreiner<\/span><\/div><div class=\"tmm_desc\" style=\"text-align:\"><p>-Secr\u00e9taire<\/p><p>-Commission de restauration<\/p><p>-Summerfest<\/p><\/div><div class=\"tmm_scblock\"><\/div><\/div><\/div><span class=\"tmm_two_containers_tablet\"><\/span><\/div><span class=\"tmm_columns_containers_desktop\"><\/span><div class=\"tmm_container\"><div class=\"tmm_member\" style=\"border-top:#dd9933 solid 5px;\"><div class=\"tmm_textblock\"><div class=\"tmm_names\"><span class=\"tmm_fname\">Christophe<\/span> <span class=\"tmm_lname\">Nerenhausen<\/span><\/div><div class=\"tmm_desc\" style=\"text-align:\"><p>-Conseil d'\u00e9ducation<\/p><p>-Summerfest<\/p><\/div><div class=\"tmm_scblock\"><\/div><\/div><\/div><div class=\"tmm_member\" style=\"border-top:#dd9933 solid 5px;\"><div class=\"tmm_textblock\"><div class=\"tmm_names\"><span class=\"tmm_fname\">Fabienne<\/span> <span class=\"tmm_lname\">Thill<\/span><\/div><div class=\"tmm_desc\" style=\"text-align:\"><p>-Conseil d'\u00e9ducation<\/p><\/div><div class=\"tmm_scblock\"><\/div><\/div><\/div><span class=\"tmm_two_containers_tablet\"><\/span><div class=\"tmm_member\" style=\"border-top:#dd9933 solid 5px;\"><div class=\"tmm_textblock\"><div class=\"tmm_names\"><span class=\"tmm_fname\">Ben<\/span> <span class=\"tmm_lname\">Schoentgen<\/span><\/div><div class=\"tmm_desc\" style=\"text-align:\"><p>- Conseil d'\u00e9ducation<\/p><\/div><div class=\"tmm_scblock\"><\/div><\/div><\/div><div class=\"tmm_member\" style=\"border-top:#dd9933 solid 5px;\"><div class=\"tmm_textblock\"><div class=\"tmm_names\"><span class=\"tmm_fname\">Sandra<\/span> <span class=\"tmm_lname\">Schmit<\/span><\/div><div class=\"tmm_desc\" style=\"text-align:\"><p>-Fiesta<\/p><p>-Summerfest<\/p><\/div><div class=\"tmm_scblock\"><\/div><\/div><\/div><span class=\"tmm_two_containers_tablet\"><\/span><\/div><span class=\"tmm_columns_containers_desktop\"><\/span><div class=\"tmm_container\"><div class=\"tmm_member\" style=\"border-top:#dd9933 solid 5px;\"><div class=\"tmm_textblock\"><div class=\"tmm_names\"><span class=\"tmm_fname\">Joy<\/span> <span class=\"tmm_lname\">Sanchis Da Silva<\/span><\/div><div class=\"tmm_desc\" style=\"text-align:\"><p>- Commission de restauration<\/p><p>- Fiesta<\/p><\/div><div class=\"tmm_scblock\"><\/div><\/div><\/div><div class=\"tmm_member\" style=\"border-top:#dd9933 solid 5px;\"><div class=\"tmm_textblock\"><div class=\"tmm_names\"><span class=\"tmm_fname\">Dale<\/span> <span class=\"tmm_lname\">Koch<\/span><\/div><div class=\"tmm_desc\" style=\"text-align:\"><p>- Secr\u00e9taire suppl\u00e9ant<\/p><\/div><div class=\"tmm_scblock\"><\/div><\/div><\/div><span class=\"tmm_two_containers_tablet\"><\/span><div class=\"tmm_member\" style=\"border-top:#dd9933 solid 5px;\"><div class=\"tmm_textblock\"><div class=\"tmm_names\"><span class=\"tmm_fname\">Catherine<\/span> <span class=\"tmm_lname\">Schiltz<\/span><\/div><div class=\"tmm_desc\" style=\"text-align:\"><p>-Fiesta<\/p><\/div><div class=\"tmm_scblock\"><\/div><\/div><\/div><div class=\"tmm_member\" style=\"border-top:#dd9933 solid 5px;\"><div class=\"tmm_textblock\"><div class=\"tmm_names\"><span class=\"tmm_fname\">Yves<\/span> <span class=\"tmm_lname\">Mersch<\/span><\/div><div class=\"tmm_desc\" style=\"text-align:\"><p>-Fiesta<\/p><\/div><div class=\"tmm_scblock\"><\/div><\/div><\/div><span class=\"tmm_two_containers_tablet\"><\/span><\/div><span class=\"tmm_columns_containers_desktop\"><\/span><div class=\"tmm_container\"><div class=\"tmm_member\" style=\"border-top:#dd9933 solid 5px;\"><div class=\"tmm_textblock\"><div class=\"tmm_names\"><span class=\"tmm_fname\">Kenichi<\/span> <span class=\"tmm_lname\">Breden<\/span><\/div><div class=\"tmm_desc\" style=\"text-align:\"><p>-Fiesta<\/p><\/div><div class=\"tmm_scblock\"><\/div><\/div><\/div><div style=\"clear:both;\"><\/div><\/div><\/div><\/div><\/div>\n\t\t\t\t\t\t<\/div>\n\t\t\t\t<\/div>\n\t\t\t\t\t<\/div>\n\t\t<\/div>\n\t\t\t\t\t<\/div>\n\t\t<\/section>\n\t\t\t\t<section class=\"elementor-section elementor-top-section elementor-element elementor-element-9fe8fea elementor-section-boxed elementor-section-height-default elementor-section-height-default\" data-id=\"9fe8fea\" data-element_type=\"section\" data-e-type=\"section\">\n\t\t\t\t\t\t<div class=\"elementor-container elementor-column-gap-default\">\n\t\t\t\t\t<div class=\"elementor-column elementor-col-100 elementor-top-column elementor-element elementor-element-3d9e6f0\" data-id=\"3d9e6f0\" data-element_type=\"column\" data-e-type=\"column\">\n\t\t\t<div class=\"elementor-widget-wrap elementor-element-populated\">\n\t\t\t\t\t\t<div class=\"elementor-element elementor-element-67d9686 elementor-widget elementor-widget-spacer\" data-id=\"67d9686\" data-element_type=\"widget\" data-e-type=\"widget\" data-widget_type=\"spacer.default\">\n\t\t\t\t<div class=\"elementor-widget-container\">\n\t\t\t\t\t\t\t<div class=\"elementor-spacer\">\n\t\t\t<div class=\"elementor-spacer-inner\"><\/div>\n\t\t<\/div>\n\t\t\t\t\t\t<\/div>\n\t\t\t\t<\/div>\n\t\t\t\t<div class=\"elementor-element elementor-element-d24187e elementor-widget elementor-widget-text-editor\" data-id=\"d24187e\" data-element_type=\"widget\" data-e-type=\"widget\" data-widget_type=\"text-editor.default\">\n\t\t\t\t<div class=\"elementor-widget-container\">\n\t\t\t\t\t\t\t\t\t<p>Au sein du LTEtt, le CCL se compose de 8 enseignants, d&#8217;un repr\u00e9sentant du personnel socio-\u00e9ducatif, d\u2019un repr\u00e9sentant de l\u2019administration ainsi que d\u2019un repr\u00e9sentant du service technique. Il importe au comit\u00e9 des enseignants que sa composition refl\u00e8te, dans la mesure du possible, celle du lyc\u00e9e et, par cons\u00e9quent, qu\u2019il repr\u00e9sente tous les piliers et ordres d\u2019enseignements de notre \u00e9cole. Puisque nous avons r\u00e9guli\u00e8rement besoin d\u2019aide suppl\u00e9mentaire, chaque collaboration est la bienvenue. Il va sans dire qu\u2019\u00e0 tout moment des int\u00e9ress\u00e9s peuvent contacter directement le comit\u00e9 des enseignants afin de rejoindre l\u2019\u00e9quipe.<\/p>\t\t\t\t\t\t\t\t<\/div>\n\t\t\t\t<\/div>\n\t\t\t\t<div class=\"elementor-element elementor-element-2a209d2 elementor-widget elementor-widget-spacer\" data-id=\"2a209d2\" data-element_type=\"widget\" data-e-type=\"widget\" data-widget_type=\"spacer.default\">\n\t\t\t\t<div class=\"elementor-widget-container\">\n\t\t\t\t\t\t\t<div class=\"elementor-spacer\">\n\t\t\t<div class=\"elementor-spacer-inner\"><\/div>\n\t\t<\/div>\n\t\t\t\t\t\t<\/div>\n\t\t\t\t<\/div>\n\t\t\t\t\t<\/div>\n\t\t<\/div>\n\t\t\t\t\t<\/div>\n\t\t<\/section>\n\t\t\t\t<section class=\"elementor-section elementor-top-section elementor-element elementor-element-1c5bd05 elementor-section-boxed elementor-section-height-default elementor-section-height-default\" data-id=\"1c5bd05\" data-element_type=\"section\" data-e-type=\"section\">\n\t\t\t\t\t\t<div class=\"elementor-container elementor-column-gap-default\">\n\t\t\t\t\t<div class=\"elementor-column elementor-col-100 elementor-top-column elementor-element elementor-element-9bce783\" data-id=\"9bce783\" data-element_type=\"column\" data-e-type=\"column\">\n\t\t\t<div class=\"elementor-widget-wrap elementor-element-populated\">\n\t\t\t\t\t\t<div class=\"elementor-element elementor-element-76d5ae7 elementor-widget elementor-widget-text-editor\" data-id=\"76d5ae7\" data-element_type=\"widget\" data-e-type=\"widget\" data-widget_type=\"text-editor.default\">\n\t\t\t\t<div class=\"elementor-widget-container\">\n\t\t\t\t\t\t\t\t\t<h4>Kontakt\u00e9iert eis: ccl@ltett.lu<\/h4>\t\t\t\t\t\t\t\t<\/div>\n\t\t\t\t<\/div>\n\t\t\t\t<div class=\"elementor-element elementor-element-7f77582 elementor-widget elementor-widget-spacer\" data-id=\"7f77582\" data-element_type=\"widget\" data-e-type=\"widget\" data-widget_type=\"spacer.default\">\n\t\t\t\t<div class=\"elementor-widget-container\">\n\t\t\t\t\t\t\t<div class=\"elementor-spacer\">\n\t\t\t<div class=\"elementor-spacer-inner\"><\/div>\n\t\t<\/div>\n\t\t\t\t\t\t<\/div>\n\t\t\t\t<\/div>\n\t\t\t\t\t<\/div>\n\t\t<\/div>\n\t\t\t\t\t<\/div>\n\t\t<\/section>\n\t\t\t\t<\/div>\n\t\t","protected":false},"excerpt":{"rendered":"<p>Comit\u00e9 de la Conf\u00e9rence du Lyc\u00e9e Au sein du LTEtt, le CCL se compose de 8 enseignants, d&#8217;un repr\u00e9sentant du personnel socio-\u00e9ducatif, d\u2019un repr\u00e9sentant de l\u2019administration ainsi que d\u2019un repr\u00e9sentant du service technique. Il importe au comit\u00e9 des enseignants que sa composition refl\u00e8te, dans la mesure du possible, celle du [&hellip;]<\/p>\n","protected":false},"author":7,"featured_media":0,"parent":1559,"menu_order":0,"comment_status":"closed","ping_status":"closed","template":"elementor_header_footer","meta":{"footnotes":""},"class_list":["post-1481","page","type-page","status-publish","hentry"],"jetpack_sharing_enabled":true,"_links":{"self":[{"href":"https:\/\/www.ltett.lu\/wp-json\/wp\/v2\/pages\/1481","targetHints":{"allow":["GET"]}}],"collection":[{"href":"https:\/\/www.ltett.lu\/wp-json\/wp\/v2\/pages"}],"about":[{"href":"https:\/\/www.ltett.lu\/wp-json\/wp\/v2\/types\/page"}],"author":[{"embeddable":true,"href":"https:\/\/www.ltett.lu\/wp-json\/wp\/v2\/users\/7"}],"replies":[{"embeddable":true,"href":"https:\/\/www.ltett.lu\/wp-json\/wp\/v2\/comments?post=1481"}],"version-history":[{"count":44,"href":"https:\/\/www.ltett.lu\/wp-json\/wp\/v2\/pages\/1481\/revisions"}],"predecessor-version":[{"id":34836,"href":"https:\/\/www.ltett.lu\/wp-json\/wp\/v2\/pages\/1481\/revisions\/34836"}],"up":[{"embeddable":true,"href":"https:\/\/www.ltett.lu\/wp-json\/wp\/v2\/pages\/1559"}],"wp:attachment":[{"href":"https:\/\/www.ltett.lu\/wp-json\/wp\/v2\/media?parent=1481"}],"curies":[{"name":"wp","href":"https:\/\/api.w.org\/{rel}","templated":true}]}}